{"id":1522,"date":"2020-04-01T14:38:10","date_gmt":"2020-04-01T14:38:10","guid":{"rendered":"http:\/\/caminhododao.org\/?page_id=1522"},"modified":"2022-11-27T11:18:30","modified_gmt":"2022-11-27T11:18:30","slug":"news-blog","status":"publish","type":"page","link":"http:\/\/caminhododao.org\/pt\/news-blog\/","title":{"rendered":"News \/ Stories"},"content":{"rendered":"<div id=\"pl-1522\"  class=\"panel-layout\" ><div id=\"pg-1522-0\"  class=\"panel-grid panel-no-style\" ><div id=\"pgc-1522-0-0\"  class=\"panel-grid-cell panel-grid-cell-empty\" ><\/div><\/div><div id=\"pg-1522-1\"  class=\"panel-grid panel-no-style\" ><div id=\"pgc-1522-1-0\"  class=\"panel-grid-cell\" ><div id=\"panel-1522-1-0-0\" class=\"widget_text so-panel widget widget_custom_html panel-first-child panel-last-child\" data-index=\"0\" ><div class=\"textwidget custom-html-widget\"><div class=\"pt-cv-wrapper\"><div class=\"pt-cv-view pt-cv-grid pt-cv-colsys\" id=\"pt-cv-view-17fbdbchjz\"><div data-id=\"pt-cv-page-1\" class=\"pt-cv-page\" data-cvc=\"3\"><div class=\"col-md-4 col-sm-6 col-xs-12 pt-cv-content-item pt-cv-1-col\" ><div class='pt-cv-ifield'><a href=\"http:\/\/caminhododao.org\/pt\/2024\/fostering-belonging-pride-and-connection-between-people-and-their-region\/\" class=\"_self pt-cv-href-thumbnail pt-cv-thumb-default\" target=\"_self\" rel=\"noopener\"><img loading=\"lazy\" decoding=\"async\" width=\"300\" height=\"300\" src=\"http:\/\/caminhododao.org\/wp-content\/uploads\/2024\/01\/Caminho-do-Da\u0303o-23BoaGente-300x300.jpg\" class=\"pt-cv-thumbnail\" alt=\"\" srcset=\"http:\/\/caminhododao.org\/wp-content\/uploads\/2024\/01\/Caminho-do-Da\u0303o-23BoaGente-300x300.jpg 300w, http:\/\/caminhododao.org\/wp-content\/uploads\/2024\/01\/Caminho-do-Da\u0303o-23BoaGente-1024x1024.jpg 1024w, http:\/\/caminhododao.org\/wp-content\/uploads\/2024\/01\/Caminho-do-Da\u0303o-23BoaGente-150x150.jpg 150w, http:\/\/caminhododao.org\/wp-content\/uploads\/2024\/01\/Caminho-do-Da\u0303o-23BoaGente-768x768.jpg 768w, http:\/\/caminhododao.org\/wp-content\/uploads\/2024\/01\/Caminho-do-Da\u0303o-23BoaGente-12x12.jpg 12w, http:\/\/caminhododao.org\/wp-content\/uploads\/2024\/01\/Caminho-do-Da\u0303o-23BoaGente.jpg 1500w\" sizes=\"(max-width: 300px) 100vw, 300px\" \/><\/a>\n<h4 class=\"pt-cv-title\"><a href=\"http:\/\/caminhododao.org\/pt\/2024\/fostering-belonging-pride-and-connection-between-people-and-their-region\/\" class=\"_self\" target=\"_self\" rel=\"noopener\">Promover o pertencimento, o orgulho e a conex\u00e3o entre as pessoas e sua regi\u00e3o.<\/a><\/h4>\n<div class=\"pt-cv-content\">Press release ~ Caminho do D\u00e3o for regional residents. On Saturday morning April 27th 2024, at the source of the ...<br \/><div class=\"pt-cv-rmwrap\"><a href=\"http:\/\/caminhododao.org\/pt\/2024\/fostering-belonging-pride-and-connection-between-people-and-their-region\/\" class=\"_self pt-cv-readmore btn btn-success\" target=\"_self\" rel=\"noopener\">Read More<\/a><\/div><\/div><\/div><\/div>\n<div class=\"col-md-4 col-sm-6 col-xs-12 pt-cv-content-item pt-cv-1-col\" ><div class='pt-cv-ifield'><a href=\"http:\/\/caminhododao.org\/pt\/2023\/spring-edition-2023-half-caminho-3-day-walk\/\" class=\"_self pt-cv-href-thumbnail pt-cv-thumb-default\" target=\"_self\" rel=\"noopener\"><img loading=\"lazy\" decoding=\"async\" width=\"300\" height=\"300\" src=\"http:\/\/caminhododao.org\/wp-content\/uploads\/2023\/08\/IMG_8737-300x300.jpg\" class=\"pt-cv-thumbnail\" alt=\"\" srcset=\"http:\/\/caminhododao.org\/wp-content\/uploads\/2023\/08\/IMG_8737-300x300.jpg 300w, http:\/\/caminhododao.org\/wp-content\/uploads\/2023\/08\/IMG_8737-1024x1024.jpg 1024w, http:\/\/caminhododao.org\/wp-content\/uploads\/2023\/08\/IMG_8737-150x150.jpg 150w, http:\/\/caminhododao.org\/wp-content\/uploads\/2023\/08\/IMG_8737-768x768.jpg 768w, http:\/\/caminhododao.org\/wp-content\/uploads\/2023\/08\/IMG_8737-12x12.jpg 12w, http:\/\/caminhododao.org\/wp-content\/uploads\/2023\/08\/IMG_8737.jpg 1500w\" sizes=\"(max-width: 300px) 100vw, 300px\" \/><\/a>\n<h4 class=\"pt-cv-title\"><a href=\"http:\/\/caminhododao.org\/pt\/2023\/spring-edition-2023-half-caminho-3-day-walk\/\" class=\"_self\" target=\"_self\" rel=\"noopener\">Edi\u00e7\u00e3o Primavera 2023 ~ Meio Caminho 3 dias<\/a><\/h4>\n<div class=\"pt-cv-content\">Walking through the precious D\u00e3o river valley with a small group early May 2023. The word d\u00e3o means 'they give' ...<br \/><div class=\"pt-cv-rmwrap\"><a href=\"http:\/\/caminhododao.org\/pt\/2023\/spring-edition-2023-half-caminho-3-day-walk\/\" class=\"_self pt-cv-readmore btn btn-success\" target=\"_self\" rel=\"noopener\">Read More<\/a><\/div><\/div><\/div><\/div>\n<div class=\"col-md-4 col-sm-6 col-xs-12 pt-cv-content-item pt-cv-1-col\" ><div class='pt-cv-ifield'><a href=\"http:\/\/caminhododao.org\/pt\/2023\/inspiring-and-truthful-writing-about-walking\/\" class=\"_self pt-cv-href-thumbnail pt-cv-thumb-default\" target=\"_self\" rel=\"noopener\"><img loading=\"lazy\" decoding=\"async\" width=\"300\" height=\"231\" src=\"http:\/\/caminhododao.org\/wp-content\/uploads\/2023\/03\/NYTWalkingArticle-300x231.jpg\" class=\"pt-cv-thumbnail\" alt=\"\" srcset=\"http:\/\/caminhododao.org\/wp-content\/uploads\/2023\/03\/NYTWalkingArticle-300x231.jpg 300w, http:\/\/caminhododao.org\/wp-content\/uploads\/2023\/03\/NYTWalkingArticle-768x590.jpg 768w, http:\/\/caminhododao.org\/wp-content\/uploads\/2023\/03\/NYTWalkingArticle-16x12.jpg 16w, http:\/\/caminhododao.org\/wp-content\/uploads\/2023\/03\/NYTWalkingArticle.jpg 843w\" sizes=\"(max-width: 300px) 100vw, 300px\" \/><\/a>\n<h4 class=\"pt-cv-title\"><a href=\"http:\/\/caminhododao.org\/pt\/2023\/inspiring-and-truthful-writing-about-walking\/\" class=\"_self\" target=\"_self\" rel=\"noopener\">Livros inspiradores e perspicazes sobre caminhadas.<\/a><\/h4>\n<div class=\"pt-cv-content\">More and more non-fiction, fiction, journalism - in short: writing about walking is happening nowadays. Or am I just seeing ...<br \/><div class=\"pt-cv-rmwrap\"><a href=\"http:\/\/caminhododao.org\/pt\/2023\/inspiring-and-truthful-writing-about-walking\/\" class=\"_self pt-cv-readmore btn btn-success\" target=\"_self\" rel=\"noopener\">Read More<\/a><\/div><\/div><\/div><\/div>\n<div class=\"col-md-4 col-sm-6 col-xs-12 pt-cv-content-item pt-cv-1-col\" ><div class='pt-cv-ifield'><a href=\"http:\/\/caminhododao.org\/pt\/2022\/jannekes-account-of-the-caminho-do-dao-spring-2022-2\/\" class=\"_self pt-cv-href-thumbnail pt-cv-thumb-default\" target=\"_self\" rel=\"noopener\"><img loading=\"lazy\" decoding=\"async\" width=\"300\" height=\"225\" src=\"http:\/\/caminhododao.org\/wp-content\/uploads\/2022\/06\/IMG_3632-300x225.jpg\" class=\"pt-cv-thumbnail\" alt=\"\" srcset=\"http:\/\/caminhododao.org\/wp-content\/uploads\/2022\/06\/IMG_3632-300x225.jpg 300w, http:\/\/caminhododao.org\/wp-content\/uploads\/2022\/06\/IMG_3632-768x576.jpg 768w, http:\/\/caminhododao.org\/wp-content\/uploads\/2022\/06\/IMG_3632-16x12.jpg 16w, http:\/\/caminhododao.org\/wp-content\/uploads\/2022\/06\/IMG_3632.jpg 1000w\" sizes=\"(max-width: 300px) 100vw, 300px\" \/><\/a>\n<h4 class=\"pt-cv-title\"><a href=\"http:\/\/caminhododao.org\/pt\/2022\/jannekes-account-of-the-caminho-do-dao-spring-2022-2\/\" class=\"_self\" target=\"_self\" rel=\"noopener\">O relato de Janneke sobre o Caminho do D\u00e3o primavera 2022<\/a><\/h4>\n<div class=\"pt-cv-content\">Quando ouvi falar pela primeira vez do Caminho do D\u00e3o, \u2018uma peregrina\u00e7\u00e3o pela natureza\u2019, soube imediatamente que queria participar...<br \/><div class=\"pt-cv-rmwrap\"><a href=\"http:\/\/caminhododao.org\/pt\/2022\/jannekes-account-of-the-caminho-do-dao-spring-2022-2\/\" class=\"_self pt-cv-readmore btn btn-success\" target=\"_self\" rel=\"noopener\">Read More<\/a><\/div><\/div><\/div><\/div>\n<div class=\"col-md-4 col-sm-6 col-xs-12 pt-cv-content-item pt-cv-1-col\" ><div class='pt-cv-ifield'><a href=\"http:\/\/caminhododao.org\/pt\/2022\/boa-gente-no-caminho-do-dao\/\" class=\"_self pt-cv-href-thumbnail pt-cv-thumb-default\" target=\"_self\" rel=\"noopener\"><img loading=\"lazy\" decoding=\"async\" width=\"300\" height=\"300\" src=\"http:\/\/caminhododao.org\/wp-content\/uploads\/2022\/05\/CPWZ1936-300x300.jpg\" class=\"pt-cv-thumbnail\" alt=\"\" srcset=\"http:\/\/caminhododao.org\/wp-content\/uploads\/2022\/05\/CPWZ1936-300x300.jpg 300w, http:\/\/caminhododao.org\/wp-content\/uploads\/2022\/05\/CPWZ1936-1024x1024.jpg 1024w, http:\/\/caminhododao.org\/wp-content\/uploads\/2022\/05\/CPWZ1936-150x150.jpg 150w, http:\/\/caminhododao.org\/wp-content\/uploads\/2022\/05\/CPWZ1936-768x768.jpg 768w, http:\/\/caminhododao.org\/wp-content\/uploads\/2022\/05\/CPWZ1936-12x12.jpg 12w, http:\/\/caminhododao.org\/wp-content\/uploads\/2022\/05\/CPWZ1936-600x600.jpg 600w, http:\/\/caminhododao.org\/wp-content\/uploads\/2022\/05\/CPWZ1936-125x125.jpg 125w, http:\/\/caminhododao.org\/wp-content\/uploads\/2022\/05\/CPWZ1936-e1653063875458.jpg 800w\" sizes=\"(max-width: 300px) 100vw, 300px\" \/><\/a>\n<h4 class=\"pt-cv-title\"><a href=\"http:\/\/caminhododao.org\/pt\/2022\/boa-gente-no-caminho-do-dao\/\" class=\"_self\" target=\"_self\" rel=\"noopener\">Boa gente (no Caminho) do D\u00e3o.<\/a><\/h4>\n<div class=\"pt-cv-content\">Uma das formas que eu descreveria a experi\u00eancia de caminhar por este vale fluvial \u00e9: um encontro \u00edntimo com...<br \/><div class=\"pt-cv-rmwrap\"><a href=\"http:\/\/caminhododao.org\/pt\/2022\/boa-gente-no-caminho-do-dao\/\" class=\"_self pt-cv-readmore btn btn-success\" target=\"_self\" rel=\"noopener\">Read More<\/a><\/div><\/div><\/div><\/div>\n<div class=\"col-md-4 col-sm-6 col-xs-12 pt-cv-content-item pt-cv-1-col\" ><div class='pt-cv-ifield'><a href=\"http:\/\/caminhododao.org\/pt\/2022\/inspiration-2\/\" class=\"_self pt-cv-href-thumbnail pt-cv-thumb-default\" target=\"_self\" rel=\"noopener\"><img loading=\"lazy\" decoding=\"async\" width=\"300\" height=\"300\" src=\"http:\/\/caminhododao.org\/wp-content\/uploads\/2022\/02\/IMG_E0106-300x300.jpg\" class=\"pt-cv-thumbnail\" alt=\"\" srcset=\"http:\/\/caminhododao.org\/wp-content\/uploads\/2022\/02\/IMG_E0106-300x300.jpg 300w, http:\/\/caminhododao.org\/wp-content\/uploads\/2022\/02\/IMG_E0106-1024x1024.jpg 1024w, http:\/\/caminhododao.org\/wp-content\/uploads\/2022\/02\/IMG_E0106-150x150.jpg 150w, http:\/\/caminhododao.org\/wp-content\/uploads\/2022\/02\/IMG_E0106-768x768.jpg 768w, http:\/\/caminhododao.org\/wp-content\/uploads\/2022\/02\/IMG_E0106-1536x1536.jpg 1536w, http:\/\/caminhododao.org\/wp-content\/uploads\/2022\/02\/IMG_E0106-2048x2048.jpg 2048w, http:\/\/caminhododao.org\/wp-content\/uploads\/2022\/02\/IMG_E0106-12x12.jpg 12w, http:\/\/caminhododao.org\/wp-content\/uploads\/2022\/02\/IMG_E0106-600x600.jpg 600w, http:\/\/caminhododao.org\/wp-content\/uploads\/2022\/02\/IMG_E0106-125x125.jpg 125w, http:\/\/caminhododao.org\/wp-content\/uploads\/2022\/02\/IMG_E0106-e1645457267696.jpg 1000w\" sizes=\"(max-width: 300px) 100vw, 300px\" \/><\/a>\n<h4 class=\"pt-cv-title\"><a href=\"http:\/\/caminhododao.org\/pt\/2022\/inspiration-2\/\" class=\"_self\" target=\"_self\" rel=\"noopener\">Inspira\u00e7\u00e3o<\/a><\/h4>\n<div class=\"pt-cv-content\">Ao caminhar, o homem sente-se ent\u00e3o natural, e n\u00e3o na natureza, sentindo o vegetal, o mineral e o animal...<br \/><div class=\"pt-cv-rmwrap\"><a href=\"http:\/\/caminhododao.org\/pt\/2022\/inspiration-2\/\" class=\"_self pt-cv-readmore btn btn-success\" target=\"_self\" rel=\"noopener\">Read More<\/a><\/div><\/div><\/div><\/div><\/div><\/div><\/div><\/div><\/div><\/div><\/div><div id=\"pg-1522-2\"  class=\"panel-grid panel-no-style\" ><div id=\"pgc-1522-2-0\"  class=\"panel-grid-cell\" >\n\t\t<div id=\"panel-1522-2-0-0\" class=\"so-panel widget widget_recent-posts widget_recent_entries panel-first-child panel-last-child\" data-index=\"1\" >\n\t\t<h3 class=\"widget-title\">Artigos recentes<\/h3>\n\t\t<ul>\n\t\t\t\t\t\t\t\t\t\t\t<li>\n\t\t\t\t\t<a href=\"http:\/\/caminhododao.org\/pt\/2024\/fostering-belonging-pride-and-connection-between-people-and-their-region\/\">Promover o pertencimento, o orgulho e a conex\u00e3o entre as pessoas e sua regi\u00e3o.<\/a>\n\t\t\t\t\t\t\t\t\t<\/li>\n\t\t\t\t\t\t\t\t\t\t\t<li>\n\t\t\t\t\t<a href=\"http:\/\/caminhododao.org\/pt\/2023\/spring-edition-2023-half-caminho-3-day-walk\/\">Edi\u00e7\u00e3o Primavera 2023 ~ Meio Caminho 3 dias<\/a>\n\t\t\t\t\t\t\t\t\t<\/li>\n\t\t\t\t\t\t\t\t\t\t\t<li>\n\t\t\t\t\t<a href=\"http:\/\/caminhododao.org\/pt\/2023\/inspiring-and-truthful-writing-about-walking\/\">Livros inspiradores e perspicazes sobre caminhadas.<\/a>\n\t\t\t\t\t\t\t\t\t<\/li>\n\t\t\t\t\t\t\t\t\t\t\t<li>\n\t\t\t\t\t<a href=\"http:\/\/caminhododao.org\/pt\/2022\/jannekes-account-of-the-caminho-do-dao-spring-2022-2\/\">O relato de Janneke sobre o Caminho do D\u00e3o primavera 2022<\/a>\n\t\t\t\t\t\t\t\t\t<\/li>\n\t\t\t\t\t\t\t\t\t\t\t<li>\n\t\t\t\t\t<a href=\"http:\/\/caminhododao.org\/pt\/2022\/boa-gente-no-caminho-do-dao\/\">Boa gente (no Caminho) do D\u00e3o.<\/a>\n\t\t\t\t\t\t\t\t\t<\/li>\n\t\t\t\t\t\t\t\t\t\t\t<li>\n\t\t\t\t\t<a href=\"http:\/\/caminhododao.org\/pt\/2022\/inspiration-2\/\">Inspira\u00e7\u00e3o<\/a>\n\t\t\t\t\t\t\t\t\t<\/li>\n\t\t\t\t\t\t\t\t\t\t\t<li>\n\t\t\t\t\t<a href=\"http:\/\/caminhododao.org\/pt\/2022\/the-dao-valley-its-also-a-foodscape\/\">O vale do D\u00e3o; tamb\u00e9m \u00e9 um 'foodscape'.<\/a>\n\t\t\t\t\t\t\t\t\t<\/li>\n\t\t\t\t\t\t\t\t\t\t\t<li>\n\t\t\t\t\t<a href=\"http:\/\/caminhododao.org\/pt\/2021\/certification-rewilding-tourism-training-stage-1\/\">Certifica\u00e7\u00e3o Rewilding Tourism Training est\u00e1gio 1<\/a>\n\t\t\t\t\t\t\t\t\t<\/li>\n\t\t\t\t\t\t\t\t\t\t\t<li>\n\t\t\t\t\t<a href=\"http:\/\/caminhododao.org\/pt\/2021\/viseu-internacional-featuring-the-caminho-do-dao\/\">Viseu Internacional featuring the Caminho do D\u00e3o<\/a>\n\t\t\t\t\t\t\t\t\t<\/li>\n\t\t\t\t\t\t\t\t\t\t\t<li>\n\t\t\t\t\t<a href=\"http:\/\/caminhododao.org\/pt\/2021\/sunday-morning-hike-sangemil-thermal-baths-rural-villages-anas-mill-valley-vistas-and-dao-river-floodplains\/\">Sangemil ~ aldeias antigas e vida rural no vale do D\u00e3o.<\/a>\n\t\t\t\t\t\t\t\t\t<\/li>\n\t\t\t\t\t\t\t\t\t\t\t<li>\n\t\t\t\t\t<a href=\"http:\/\/caminhododao.org\/pt\/2021\/caminho-do-dao-spring-2021-how-was-it\/\">Caminho do D\u00e3o Primavera 2021 ~ Reconectando com o vale.<\/a>\n\t\t\t\t\t\t\t\t\t<\/li>\n\t\t\t\t\t\t\t\t\t\t\t<li>\n\t\t\t\t\t<a href=\"http:\/\/caminhododao.org\/pt\/2021\/press-release-caminho-do-dao-spring-2021\/\">Comunicado de Imprensa ~ Caminho do D\u00e3o Primavera 2021<\/a>\n\t\t\t\t\t\t\t\t\t<\/li>\n\t\t\t\t\t\t\t\t\t\t\t<li>\n\t\t\t\t\t<a href=\"http:\/\/caminhododao.org\/pt\/2021\/with-a-little-help-from-our-friends\/\">Com um pouco de apoio dos nossos amigos.<\/a>\n\t\t\t\t\t\t\t\t\t<\/li>\n\t\t\t\t\t\t\t\t\t\t\t<li>\n\t\t\t\t\t<a href=\"http:\/\/caminhododao.org\/pt\/2021\/spring-caminho-2021-going-ahead-making-wholesome-plans\/\">Caminho Primavera 2021 ~ Continuando fazendo planos saud\u00e1veis!<\/a>\n\t\t\t\t\t\t\t\t\t<\/li>\n\t\t\t\t\t\t\t\t\t\t\t<li>\n\t\t\t\t\t<a href=\"http:\/\/caminhododao.org\/pt\/2020\/not-walking-but-still-moving-forward\/\">N\u00e3o caminhando, mais ainda avan\u00e7ando.<\/a>\n\t\t\t\t\t\t\t\t\t<\/li>\n\t\t\t\t\t\t\t\t\t\t\t<li>\n\t\t\t\t\t<a href=\"http:\/\/caminhododao.org\/pt\/2020\/the-bigger-picture\/\">~ Comunicado \u00e0 imprensa ~ Mar\u00e7o 2020<\/a>\n\t\t\t\t\t\t\t\t\t<\/li>\n\t\t\t\t\t\t\t\t\t\t\t<li>\n\t\t\t\t\t<a href=\"http:\/\/caminhododao.org\/pt\/2020\/featured-on-pure-portugal\/\">Featured on Pure Portugal \ud83d\ude42<\/a>\n\t\t\t\t\t\t\t\t\t<\/li>\n\t\t\t\t\t\t\t\t\t\t\t<li>\n\t\t\t\t\t<a href=\"http:\/\/caminhododao.org\/pt\/2020\/1398\/\">On the air!<\/a>\n\t\t\t\t\t\t\t\t\t<\/li>\n\t\t\t\t\t\t\t\t\t\t\t<li>\n\t\t\t\t\t<a href=\"http:\/\/caminhododao.org\/pt\/2019\/inspiration\/\">Inspira\u00e7\u00e3o<\/a>\n\t\t\t\t\t\t\t\t\t<\/li>\n\t\t\t\t\t\t\t\t\t\t\t<li>\n\t\t\t\t\t<a href=\"http:\/\/caminhododao.org\/pt\/2019\/a-different-trail\/\">For the river the year starts in October.<\/a>\n\t\t\t\t\t\t\t\t\t<\/li>\n\t\t\t\t\t\t\t\t\t\t\t<li>\n\t\t\t\t\t<a href=\"http:\/\/caminhododao.org\/pt\/2019\/o-caminho-do-dao-autumn-2019-walking-with-friends-and-colleagues\/\">~ O Caminho do D\u00e3o outono de 2019 ~ Caminhando com amigos e colegas ~<\/a>\n\t\t\t\t\t\t\t\t\t<\/li>\n\t\t\t\t\t\t\t\t\t\t\t<li>\n\t\t\t\t\t<a href=\"http:\/\/caminhododao.org\/pt\/2019\/micro-forum-do-rio-dao-viseu-06-07-2019\/\">Micro F\u00f3rum do Rio D\u00e3o, Viseu 06-07-2019<\/a>\n\t\t\t\t\t\t\t\t\t<\/li>\n\t\t\t\t\t\t\t\t\t\t\t<li>\n\t\t\t\t\t<a href=\"http:\/\/caminhododao.org\/pt\/2019\/caminho-1-0-main-observations\/\">Caminho 1.0 ~ Principais Observa\u00e7\u00f5es<\/a>\n\t\t\t\t\t\t\t\t\t<\/li>\n\t\t\t\t\t\t\t\t\t\t\t<li>\n\t\t\t\t\t<a href=\"http:\/\/caminhododao.org\/pt\/2019\/spring-2019-the-first-caminho-do-dao\/\">Spring 2019 ~ The first Caminho do D\u00e3o<\/a>\n\t\t\t\t\t\t\t\t\t<\/li>\n\t\t\t\t\t\t\t\t\t\t\t<li>\n\t\t\t\t\t<a href=\"http:\/\/caminhododao.org\/pt\/2019\/in-the-regional-news\/\">CdD 1.0 ~ In the regional news.<\/a>\n\t\t\t\t\t\t\t\t\t<\/li>\n\t\t\t\t\t<\/ul>\n\n\t\t<\/div><\/div><\/div><div id=\"pg-1522-3\"  class=\"panel-grid panel-no-style\" ><div id=\"pgc-1522-3-0\"  class=\"panel-grid-cell\" ><div id=\"panel-1522-3-0-0\" class=\"so-panel widget widget_sow-image panel-first-child panel-last-child\" data-index=\"2\" ><div\n\t\t\t\n\t\t\tclass=\"so-widget-sow-image so-widget-sow-image-default-8b5b6f678277-1522\"\n\t\t\t\n\t\t>\n\n<div class=\"sow-image-container\">\n\t\t<img decoding=\"async\" src=\"http:\/\/caminhododao.org\/wp-content\/uploads\/2021\/12\/6-footsteps-green-background.jpg\" width=\"2000\" height=\"150\" srcset=\"http:\/\/caminhododao.org\/wp-content\/uploads\/2021\/12\/6-footsteps-green-background.jpg 2000w, http:\/\/caminhododao.org\/wp-content\/uploads\/2021\/12\/6-footsteps-green-background-300x23.jpg 300w, http:\/\/caminhododao.org\/wp-content\/uploads\/2021\/12\/6-footsteps-green-background-1024x77.jpg 1024w, http:\/\/caminhododao.org\/wp-content\/uploads\/2021\/12\/6-footsteps-green-background-768x58.jpg 768w, http:\/\/caminhododao.org\/wp-content\/uploads\/2021\/12\/6-footsteps-green-background-1536x115.jpg 1536w, http:\/\/caminhododao.org\/wp-content\/uploads\/2021\/12\/6-footsteps-green-background-18x1.jpg 18w\" sizes=\"(max-width: 2000px) 100vw, 2000px\" title=\"6 footsteps green background\" alt=\"\" loading=\"lazy\" \t\tclass=\"so-widget-image\"\/>\n\t<\/div>\n\n<\/div><\/div><\/div><\/div><div id=\"pg-1522-4\"  class=\"panel-grid panel-no-style\" ><div id=\"pgc-1522-4-0\"  class=\"panel-grid-cell\" ><div id=\"panel-1522-4-0-0\" class=\"so-panel widget widget_sow-editor panel-first-child panel-last-child\" data-index=\"3\" ><div\n\t\t\t\n\t\t\tclass=\"so-widget-sow-editor so-widget-sow-editor-base\"\n\t\t\t\n\t\t>\n<div class=\"siteorigin-widget-tinymce textwidget\">\n\t<h2 style=\"text-align: center;\"><a href=\"https:\/\/www.instagram.com\/explore\/tags\/caminhododao\/\" target=\"_blank\" rel=\"noopener\">#caminhododao<\/a><\/h2>\n<\/div>\n<\/div><\/div><\/div><\/div><\/div>","protected":false},"excerpt":{"rendered":"<p>Fostering belonging, pride and connection between people and their region. Press release ~ Caminho do D\u00e3o for regional residents. On Saturday morning April 27th 2024,&hellip;<\/p>","protected":false},"author":2,"featured_media":0,"parent":0,"menu_order":0,"comment_status":"closed","ping_status":"closed","template":"","meta":{"_monsterinsights_skip_tracking":false,"_monsterinsights_sitenote_active":false,"_monsterinsights_sitenote_note":"","_monsterinsights_sitenote_category":0,"footnotes":""},"_links":{"self":[{"href":"http:\/\/caminhododao.org\/pt\/wp-json\/wp\/v2\/pages\/1522"}],"collection":[{"href":"http:\/\/caminhododao.org\/pt\/wp-json\/wp\/v2\/pages"}],"about":[{"href":"http:\/\/caminhododao.org\/pt\/wp-json\/wp\/v2\/types\/page"}],"author":[{"embeddable":true,"href":"http:\/\/caminhododao.org\/pt\/wp-json\/wp\/v2\/users\/2"}],"replies":[{"embeddable":true,"href":"http:\/\/caminhododao.org\/pt\/wp-json\/wp\/v2\/comments?post=1522"}],"version-history":[{"count":40,"href":"http:\/\/caminhododao.org\/pt\/wp-json\/wp\/v2\/pages\/1522\/revisions"}],"predecessor-version":[{"id":3322,"href":"http:\/\/caminhododao.org\/pt\/wp-json\/wp\/v2\/pages\/1522\/revisions\/3322"}],"wp:attachment":[{"href":"http:\/\/caminhododao.org\/pt\/wp-json\/wp\/v2\/media?parent=1522"}],"curies":[{"name":"wp","href":"https:\/\/api.w.org\/{rel}","templated":true}]}}